{"id":1800,"date":"2023-04-05T20:20:29","date_gmt":"2023-04-05T23:20:29","guid":{"rendered":"https:\/\/www.institutochicomario.org.br\/?page_id=1800"},"modified":"2023-04-20T12:32:42","modified_gmt":"2023-04-20T15:32:42","slug":"premio-francisco-mario-de-guitarra-popular-europa","status":"publish","type":"page","link":"https:\/\/www.institutochicomario.org.br\/es\/premio-francisco-mario-de-guitarra-popular-europa\/","title":{"rendered":"Premio Francisco Mario de Guitarra Popular &#8211; Europa"},"content":{"rendered":"<p>[et_pb_section fb_built=\u00bb1&#8243; fullwidth=\u00bbon\u00bb next_background_color=\u00bb#ffffff\u00bb admin_label=\u00bbHero\u00bb _builder_version=\u00bb4.19.0&#8243; background_color=\u00bb#0a4685&#8243; background_color_gradient_direction=\u00bb165deg\u00bb background_video_mp4=\u00bbhttps:\/\/www.institutochicomario.org.br\/wp-content\/uploads\/2022\/11\/chico_back.mp4&#8243; custom_margin=\u00bb0px||||false|false\u00bb bottom_divider_style=\u00bbwave2&#8243; bottom_divider_height=\u00bb150px\u00bb bottom_divider_flip=\u00bbhorizontal\u00bb global_colors_info=\u00bb{}\u00bb][et_pb_fullwidth_header title=\u00bbPremio Francisco Mario de Guitarra Popular &#8211; Europa\u00bb background_overlay_color=\u00bbrgba(255,255,255,0.3)\u00bb header_image_url=\u00bbhttps:\/\/www.institutochicomario.org.br\/inicio\/wp-content\/uploads\/2018\/06\/Pre\u0302mio-Chico-Ma\u0301rio-de-Viola\u0303o.png\u00bb _builder_version=\u00bb4.19.0&#8243; title_font=\u00bbAmaranth||||||||\u00bb title_text_color=\u00bb#ffffff\u00bb title_font_size=\u00bb50px\u00bb title_line_height=\u00bb1.3em\u00bb content_font=\u00bb||||||||\u00bb content_line_height=\u00bb1.8em\u00bb background_color=\u00bbrgba(255,255,255,0)\u00bb custom_button_one=\u00bbon\u00bb button_one_text_size=\u00bb14px\u00bb button_one_text_color=\u00bb#ffffff\u00bb button_one_bg_color=\u00bb#ffb9cc\u00bb button_one_border_width=\u00bb8px\u00bb button_one_border_color=\u00bb#ffb9cc\u00bb button_one_border_radius=\u00bb100px\u00bb button_one_font=\u00bbNunito|700||on|||||\u00bb button_one_use_icon=\u00bboff\u00bb custom_button_two=\u00bbon\u00bb button_two_text_size=\u00bb14px\u00bb button_two_text_color=\u00bb#88d4f2&#8243; button_two_border_width=\u00bb6px\u00bb button_two_border_color=\u00bbrgba(255,255,255,0)\u00bb button_two_border_radius=\u00bb86px\u00bb button_two_font=\u00bbNunito|700||on|||||\u00bb button_two_use_icon=\u00bboff\u00bb custom_margin=\u00bb1px||||false|false\u00bb custom_padding=\u00bb20px||150px|\u00bb box_shadow_style_button_one=\u00bbpreset3&#8243; box_shadow_color_button_one=\u00bbrgba(255,185,204,0.6)\u00bb box_shadow_style_button_two=\u00bbpreset5&#8243; box_shadow_vertical_button_two=\u00bb0px\u00bb box_shadow_spread_button_two=\u00bb2px\u00bb box_shadow_color_button_two=\u00bb#88d4f2&#8243; button_two_text_color_hover=\u00bb#ffffff\u00bb button_two_border_color_hover=\u00bb#88d4f2&#8243; button_two_bg_color_hover=\u00bb#88d4f2&#8243; global_colors_info=\u00bb{}\u00bb button_one_text_size__hover_enabled=\u00bboff\u00bb button_two_text_size__hover_enabled=\u00bboff\u00bb button_one_text_color__hover_enabled=\u00bboff\u00bb button_two_text_color__hover_enabled=\u00bbon\u00bb button_two_text_color__hover=\u00bb#ffffff\u00bb button_one_border_width__hover_enabled=\u00bboff\u00bb button_two_border_width__hover_enabled=\u00bboff\u00bb button_one_border_color__hover_enabled=\u00bboff\u00bb button_two_border_color__hover_enabled=\u00bbon\u00bb button_two_border_color__hover=\u00bb#88d4f2&#8243; button_one_border_radius__hover_enabled=\u00bboff\u00bb button_two_border_radius__hover_enabled=\u00bboff\u00bb button_one_letter_spacing__hover_enabled=\u00bboff\u00bb button_two_letter_spacing__hover_enabled=\u00bboff\u00bb button_one_bg_color__hover_enabled=\u00bboff\u00bb button_two_bg_color__hover_enabled=\u00bbon\u00bb button_two_bg_color__hover=\u00bb#88d4f2&#8243;]<\/p>\n<p>El premio \u00abFrancisco M\u00e1rio\u00bb, uno de los principales Premios de Guitarra Ac\u00fastica Popular en la actualidad, tiene como objetivo valorizar el trabajo de m\u00fasicos e instrumentistas que se dedican a uno de los instrumentos musicales m\u00e1s tocados del mundo: la guitarra ac\u00fastica. As\u00ed como tambi\u00e9n celebrar la obra del compositor brasile\u00f1o Francisco \u00abChico\u00bb M\u00e1rio, gran exponente de la m\u00fasica instrumental y pionero en la producci\u00f3n de discos independientes en Brasil. Se premiar\u00e1n las mejores interpretaciones de sus canciones. \u00a1Conozca el Reglamento y reg\u00edstrese!<\/p>\n<p>[\/et_pb_fullwidth_header][\/et_pb_section][et_pb_section fb_built=\u00bb1&#8243; admin_label=\u00bbFeature\u00bb _builder_version=\u00bb4.19.1&#8243; background_size=\u00bbinitial\u00bb global_colors_info=\u00bb{}\u00bb][et_pb_row _builder_version=\u00bb4.16&#8243; global_colors_info=\u00bb{}\u00bb][et_pb_column type=\u00bb4_4&#8243; _builder_version=\u00bb4.16&#8243; custom_padding=\u00bb|||\u00bb global_colors_info=\u00bb{}\u00bb custom_padding__hover=\u00bb|||\u00bb][et_pb_text _builder_version=\u00bb4.16&#8243; text_font=\u00bbAmaranth||||||||\u00bb text_text_color=\u00bb#0a4685&#8243; text_line_height=\u00bb1.5em\u00bb header_font=\u00bbAmaranth||||||||\u00bb header_text_align=\u00bbcenter\u00bb header_text_color=\u00bb#0a4685&#8243; header_2_font=\u00bbFredoka One||||||||\u00bb header_2_text_color=\u00bb#262f71&#8243; header_2_font_size=\u00bb46px\u00bb header_2_line_height=\u00bb1.3em\u00bb animation_direction=\u00bbtop\u00bb global_colors_info=\u00bb{}\u00bb]<\/p>\n<h1>Sobre el Premio<\/h1>\n<p>[\/et_pb_text][et_pb_text _builder_version=\u00bb4.16&#8243; text_font=\u00bbNunito||||||||\u00bb text_font_size=\u00bb18px\u00bb text_line_height=\u00bb1.8em\u00bb header_font=\u00bb||||||||\u00bb custom_padding=\u00bb0px|||\u00bb animation_direction=\u00bbtop\u00bb global_colors_info=\u00bb{}\u00bb]<\/p>\n<p>Francisco M\u00e1rio fue uno de los pioneros de la grabaci\u00f3n independiente en Brasil junto a Antonio Adolfo, y posiblemente el primero en utilizar la herramienta de crowdfunding en el pa\u00eds, en 1980, para producir su segundo \u00e1lbum <em>\u00abRevolta dos Palha\u00e7os\u00bb.<\/em> Respetado guitarrista de Minas Gerais, Brasil, dej\u00f3 casi 90 obras, 8 discos y 3 libros en su corta vida. Hermano del dibujante Henfil y del soci\u00f3logo Betinho, Chico M\u00e1rio, como se le conoc\u00eda cari\u00f1osamente, muri\u00f3 el 14 de marzo de 1988, a los 39 a\u00f1os. Para divulgar su importante obra guitarr\u00edstica, fomentar la cultura brasile\u00f1a, estimular la creaci\u00f3n independiente y valorizar el instrumento m\u00e1s popular de Brasil, la guitarra, el Premio de Guitarra Popular Francisco M\u00e1rio conceder\u00e1 premios en met\u00e1lico y trofeos, dise\u00f1ados por el artista Mauricio Manzo, a trav\u00e9s del Instituto Cultural Chico M\u00e1rio en colaboraci\u00f3n con el Instituto Guimar\u00e3es Rosa, el Ministerio de Asuntos Exteriores de Brasil, la Embajada de Brasil en La Haya y el Teatro Munganga.<\/p>\n<p>[\/et_pb_text][\/et_pb_column][\/et_pb_row][et_pb_row _builder_version=\u00bb4.20.4&#8243; global_colors_info=\u00bb{}\u00bb][et_pb_column type=\u00bb4_4&#8243; _builder_version=\u00bb4.19.1&#8243; custom_padding=\u00bb|||\u00bb global_colors_info=\u00bb{}\u00bb custom_padding__hover=\u00bb|||\u00bb][et_pb_text _builder_version=\u00bb4.16&#8243; text_font=\u00bbAmaranth||||||||\u00bb text_text_color=\u00bb#0a4685&#8243; text_line_height=\u00bb1.5em\u00bb ul_font=\u00bb||||||||\u00bb ol_font=\u00bb||||||||\u00bb header_font=\u00bbAmaranth||||||||\u00bb header_text_align=\u00bbcenter\u00bb header_text_color=\u00bb#0a4685&#8243; header_2_font=\u00bbFredoka One||||||||\u00bb header_2_text_color=\u00bb#262f71&#8243; header_2_font_size=\u00bb46px\u00bb header_2_line_height=\u00bb1.3em\u00bb animation_direction=\u00bbtop\u00bb global_colors_info=\u00bb{}\u00bb]<\/p>\n<h1>Reglamento<\/h1>\n<p>[\/et_pb_text][et_pb_text _builder_version=\u00bb4.16&#8243; text_font=\u00bbNunito||||||||\u00bb text_font_size=\u00bb18px\u00bb text_line_height=\u00bb1.8em\u00bb header_font=\u00bb||||||||\u00bb custom_padding=\u00bb0px|||\u00bb animation_direction=\u00bbtop\u00bb hover_enabled=\u00bb0&#8243; global_colors_info=\u00bb{}\u00bb sticky_enabled=\u00bb0&#8243;]<\/p>\n<p>\u00a0El I <strong>Premio Internacional Francisco M\u00e1rio de Guitarra Popular<\/strong> seleccionar\u00e1 hasta 10 m\u00fasicos, mayores de 16 a\u00f1os y <strong>de cualquier nacionalidad, residentes en los pa\u00edses de Europa<\/strong>, que competir\u00e1n por premios en efectivo, entregados en la Fase Final, realizada en la Ceremonia Oficial de Premiaci\u00f3n en el Teatro Munganga (Schinkelhavenstraat 27hs, 1075 VP Amsterdam, Pa\u00edses Bajos).<\/p>\n<p>Las inscripciones al Premio son gratuitas, y al inscribirse los candidatos confirman estar de acuerdo con todos los art\u00edculos de este Reglamento.<\/p>\n<p>Todos los puntos de este Reglamento deben ser cumplidos estrictamente, de lo contrario el candidato ser\u00e1 descalificado.<\/p>\n<p>Para la Selecci\u00f3n, los m\u00fasicos deber\u00e1n registrarse en el formulario en l\u00ednea disponible en esta p\u00e1gina, entre el <strong>03 de abril de 2023 y el 23 de junio de 2023<\/strong>. Deber\u00e1n completarlo con sus datos personales y, adem\u00e1s, enviar todos los elementos que se describen a continuaci\u00f3n, de acuerdo con los lineamientos que se indican:<\/p>\n<p><strong>1) Un video de presentaci\u00f3n personal<\/strong>, que puedes grabar en tu celular, con una descripci\u00f3n de qui\u00e9n eres y un breve relato de c\u00f3mo llegaste a la obra del compositor Francisco M\u00e1rio. Este video debe contener un m\u00ednimo de 30 segundos y un m\u00e1ximo de 2 minutos. El video debe ser publicado en Modo P\u00fablico en Youtube. En la descripci\u00f3n del video, en Youtube, debe incluirse el sitio: www.institutochicomario.org.br. El enlace del video debe indicarse en el formulario de registro, en el campo correspondiente;<\/p>\n<p><strong>2) Un video interpretando una canci\u00f3n de Francisco M\u00e1rio en su totalidad, de libre elecci\u00f3n<\/strong>. Cada concursante debe estar tocando la guitarra. Las canciones y partituras de Francisco M\u00e1rio se pueden consultar libremente aqu\u00ed, en el sitio web del Instituto, en el Men\u00fa \u201cSobre Chico M\u00e1rio\u201d (https:\/\/www.institutochicomario.org.br\/). El video de la actuaci\u00f3n debe ser publicado en Modo P\u00fablico en Youtube y debe contener, en el t\u00edtulo, solo \u201cFrancisco M\u00e1rio\u201d y el nombre de la canci\u00f3n elegida. En la descripci\u00f3n del video, en Youtube, debe incluirse el sitio: www.institutochicomario.org.br. El enlace del video debe estar indicado en el formulario de registro, en el campo correspondiente;<\/p>\n<p><strong>3) Autorizaci\u00f3n de uso de imagen y voz completa, firmada y escaneada<\/strong> (o fotografiada, siempre que sea legible y de buena calidad \u2013 recomendamos 300dpi), que deber\u00e1 adjuntarse al formulario de registro en el sitio web (https:\/\/ www.institutochicomario.org .br\/), junto con otros \u00edtems y datos<span style=\"font-size: 18px;\"> (<\/span><a href=\"https:\/\/www.dropbox.com\/s\/w6cwtpvw37948xl\/Declara%C3%A7%C3%B5es%20Premio%20Internacional.pdf?dl=1\" style=\"font-size: 18px;\"><strong>HAGA CL\u00cdC PARA DESCARGAR EL MODELO<\/strong><\/a><span style=\"font-size: 18px;\">).<\/span><\/p>\n<p>Los videos y audios podr\u00e1n ser grabados con un tel\u00e9fono celular, siempre que sea en un ambiente silencioso, para una mejor captaci\u00f3n del audio de la presentaci\u00f3n y con sonido audible y comprensible.<\/p>\n<p>Al enviar la solicitud, los candidatos aceptan que los videos enviados en la solicitud puedan ser utilizados por el Instituto Cultural Chico M\u00e1rio, por la productora Atelier Cultural, por el Instituto Guimar\u00e3es Rosa y por la Embajada de Brasil en La Haya con cualquier prop\u00f3sito, ya sea promocional, comercial o de otro tipo, por tiempo indefinido y por cualquier medio, sin costos ni cargos legales o financieros.<\/p>\n<p>Los candidatos menores de 18 a\u00f1os (y solo estos) deber\u00e1n adjuntar en la solicitud una autorizaci\u00f3n expresa para participar, firmada por sus padres o tutores legales, debidamente reconocida por notario, escribano o sede comunal, seg\u00fan sea el caso. Puede descargar el modelo de autorizaci\u00f3n <a href=\"https:\/\/www.dropbox.com\/s\/w6cwtpvw37948xl\/Declara%C3%A7%C3%B5es%20Premio%20Internacional.pdf?dl=1\">EN ESTE ENLACE AQU\u00cd<\/a>.<\/p>\n<p>Los solicitantes con necesidades especiales o que necesiten atenci\u00f3n especial deber\u00e1n registrarse y detallar esta condici\u00f3n al momento de la solicitud, en el campo correspondiente del formulario.<\/p>\n<p>Todas las solicitudes presentadas ser\u00e1n sometidas a una preselecci\u00f3n para elegir a los m\u00fasicos que competir\u00e1n en la etapa final, en la Ceremonia Oficial del Premio. El jurado de esta preselecci\u00f3n estar\u00e1 formado por el m\u00fasico y productor, creador del premio e hijo de Francisco M\u00e1rio, el pianista y compositor Marcos Souza; la cantante e hija de Francisco M\u00e1rio, Karina Souza; la viuda y presidenta del Instituto Cultural Chico M\u00e1rio, Nivia Souza y el guitarrista Nelson Latif.<\/p>\n<p>Corresponder\u00e1 al jurado decidir en los casos no previstos en este Reglamento. En todos los casos y en todas sus etapas Las decisiones del jurado y\/o comisi\u00f3n juzgadora ser\u00e1n soberanas y no podr\u00e1n ser apeladas en ning\u00fan caso.<\/p>\n<p>El resultado de la etapa de preselecci\u00f3n ser\u00e1 comunicado a los seleccionados a trav\u00e9s del correo electr\u00f3nico registrado en el formulario de inscripci\u00f3n del Premio y, tambi\u00e9n, publicado en el sitio web del Instituto \u2013 <a href=\"http:\/\/www.institutochicomario.org.br\">http:\/\/www.institutochicomario.org.br<\/a>. Los preseleccionados deber\u00e1n confirmar su presencia en la etapa final del Premio, en la Ceremonia Oficial, que se realizar\u00e1 el d\u00eda 22 de agosto de 2023 (fecha del nacimiento de Francisco M\u00e1rio, haria 75 a\u00f1os de edad), en el Teatro Munganga (Schinkelhavenstraat 27hs, 1075 VP Amsterdam), Paises Bajos.<\/p>\n<p>Los preseleccionados para la etapa final -hasta 10 candidatos (los que no puedan asistir presencialmente quedar\u00e1n descalificados y ser\u00e1n sustituidos por el siguiente candidato en orden de selecci\u00f3n)- se dispondr\u00e1n por orden de presentaci\u00f3n, el mismo d\u00eda, en orden elegida por sorteo previo.<\/p>\n<p>Para la etapa final, en la Ceremonia Oficial, cada candidato deber\u00e1 hacer una presentaci\u00f3n, en vivo, de 6 minutos como m\u00e1ximo, donde toque una canci\u00f3n compuesta por Francisco M\u00e1rio en guitarra, para la cual no se permite el uso de pistas pregrabadas.<br \/>Los pasajes a\u00e9reos, los traslados nacionales, el alojamiento, las comidas y dem\u00e1s costos no ser\u00e1n concedidos por el Premio y son responsabilidad \u00fanica y exclusiva del candidato.<\/p>\n<p>La presentaci\u00f3n podr\u00e1 ser grabada y los candidatos se comprometen a ceder el uso de su imagen y sonido en favor del Instituto Cultural Chico M\u00e1rio, de la productora Atelier Cultural, Instituto Guimar\u00e3es Rosa y de la Embajada de Brasil en La Haya para cualquier fin, ya sea promocional, comercial o de otro tipo, por tiempo indefinido y por cualquier medio, gratuitamente y sin costos legales ni financieros para el Instituto.<\/p>\n<p>El jurado de la etapa final ser\u00e1 presidido por el m\u00fasico Marcos Souza y contar\u00e1 con la participaci\u00f3n de los guitarristas Nelson Latif y Jan Dum\u00e9e (sujeto a modificaciones).<\/p>\n<p>El espect\u00e1culo podr\u00e1 ser grabado y luego estar disponible en el sitio web del premio.<\/p>\n<p>Los candidatos que no cumplan con los requisitos de este reglamento o que no asistan al Acto Oficial quedar\u00e1n autom\u00e1ticamente descalificados de la competencia.<\/p>\n<p><strong>Premio<\/strong><\/p>\n<p>Los 10 candidatos preseleccionados recibir\u00e1n los siguientes premios, seg\u00fan el orden de clasificaci\u00f3n en la etapa final del concurso:<\/p>\n<p>1\u00ba Premio \u2013 7.000,00 <span>\u20ac <\/span>+ Trofeo dise\u00f1ado por el artista Mauricio Manzo<br \/>2\u00ba Premio \u2013 400.00 <span>\u20ac<\/span> + Trofeo dise\u00f1ado por el artista Mauricio Manzo<br \/>3\u00ba Premio \u2013 110,00 <span>\u20ac<\/span><br \/>4\u00ba Premio \u2013 110,00 <span>\u20ac<\/span><br \/>5\u00ba Premio \u2013 110,00 <span>\u20ac<\/span><br \/>6\u00ba Premio \u2013 110,00 <span>\u20ac<\/span><br \/>7\u00ba Premio \u2013 110,00 <span>\u20ac<\/span><br \/>8\u00ba Premio \u2013 110,00 <span>\u20ac<\/span><br \/>9\u00ba Premio \u2013 110,00 <span>\u20ac<\/span><br \/>10\u00ba Premio \u2013 110,00 <span>\u20ac<\/span><\/p>\n<p>El I Premio Internacional Francisco M\u00e1rio de Guitarra Popular, que cuenta con el apoyo del Instituto Guimar\u00e3es Rosa, del Ministerio de Relaciones Exteriores del Brasil, Teatro Munganga y de la productora Atelier Cultural, ser\u00e1 entregado por el Instituto Cultural Chico M\u00e1rio y por la Embajada del Brasil en La Haya, de conformidad con sus procedimientos habituales.<\/p>\n<p>Si el ganador del Premio Francisco M\u00e1rio de Guitarra Popular de Europa es menor de edad, el dep\u00f3sito se har\u00e1 a la cuenta bancaria de su representante legal (padre o madre, por ejemplo), seg\u00fan lo indicado en el formulario de inscripci\u00f3n del candidato o en efectivo despu\u00e9s del concierto.\u00a0<\/p>\n<p>[\/et_pb_text][\/et_pb_column][\/et_pb_row][et_pb_row _builder_version=\u00bb4.19.1&#8243; global_colors_info=\u00bb{}\u00bb][et_pb_column type=\u00bb4_4&#8243; _builder_version=\u00bb4.19.1&#8243; custom_padding=\u00bb|||\u00bb global_colors_info=\u00bb{}\u00bb custom_padding__hover=\u00bb|||\u00bb][et_pb_text _builder_version=\u00bb4.16&#8243; text_font=\u00bbAmaranth||||||||\u00bb text_text_color=\u00bb#0a4685&#8243; text_line_height=\u00bb1.5em\u00bb ul_font=\u00bb||||||||\u00bb ol_font=\u00bb||||||||\u00bb header_font=\u00bbAmaranth||||||||\u00bb header_text_align=\u00bbcenter\u00bb header_text_color=\u00bb#0a4685&#8243; header_2_font=\u00bbFredoka One||||||||\u00bb header_2_text_color=\u00bb#262f71&#8243; header_2_font_size=\u00bb46px\u00bb header_2_line_height=\u00bb1.3em\u00bb animation_direction=\u00bbtop\u00bb global_colors_info=\u00bb{}\u00bb]<\/p>\n<h1>Inscripciones<\/h1>\n<p>[\/et_pb_text][et_pb_button button_url=\u00bbhttps:\/\/docs.google.com\/forms\/d\/e\/1FAIpQLSeeDEaHq1-ZZe9frQ-A9Ui-bN13Gs6-aSv5xRk-zdwRHz6JaA\/viewform?usp=sf_link\u00bb url_new_window=\u00bbon\u00bb button_text=\u00bbHAGA CLIC AQU\u00cd PARA ACCEDER AL FORMULARIO DE INSCRIPCI\u00d3N\u00bb button_alignment=\u00bbcenter\u00bb _builder_version=\u00bb4.20.4&#8243; _module_preset=\u00bbdefault\u00bb custom_button=\u00bbon\u00bb button_text_color=\u00bb#FFFFFF\u00bb button_bg_color=\u00bb#0A4685&#8243; global_colors_info=\u00bb{}\u00bb][\/et_pb_button][et_pb_code _builder_version=\u00bb4.19.1&#8243; _module_preset=\u00bbdefault\u00bb global_colors_info=\u00bb{}\u00bb][\/et_pb_code][\/et_pb_column][\/et_pb_row][et_pb_row column_structure=\u00bb1_3,1_3,1_3&#8243; _builder_version=\u00bb4.19.4&#8243; global_colors_info=\u00bb{}\u00bb][et_pb_column type=\u00bb1_3&#8243; _builder_version=\u00bb4.16&#8243; custom_padding=\u00bb|||\u00bb global_colors_info=\u00bb{}\u00bb custom_padding__hover=\u00bb|||\u00bb][et_pb_image src=\u00bbhttps:\/\/www.institutochicomario.org.br\/wp-content\/uploads\/2018\/06\/ICCM.png\u00bb title_text=\u00bbICCM\u00bb align=\u00bbcenter\u00bb align_tablet=\u00bbcenter\u00bb align_phone=\u00bb\u00bb align_last_edited=\u00bbon|desktop\u00bb _builder_version=\u00bb4.19.1&#8243; module_alignment=\u00bbcenter\u00bb custom_margin=\u00bb14px|||\u00bb global_colors_info=\u00bb{}\u00bb] \u00a0 [\/et_pb_image][\/et_pb_column][et_pb_column type=\u00bb1_3&#8243; _builder_version=\u00bb4.19.4&#8243; _module_preset=\u00bbdefault\u00bb global_colors_info=\u00bb{}\u00bb][et_pb_image src=\u00bbhttps:\/\/www.institutochicomario.org.br\/wp-content\/uploads\/2023\/04\/IGR_logo_linha_hor.png\u00bb title_text=\u00bbIGR_logo_time_line\u00bb align=\u00bbcenter\u00bb _builder_version=\u00bb4.20.4&#8243; _module_preset=\u00bbdefault\u00bb module_alignment=\u00bbcenter\u00bb max_height=\u00bb129px\u00bb global_colors_info=\u00bb{}\u00bb][\/et_pb_image][\/et_pb_column][et_pb_column type=\u00bb1_3&#8243; _builder_version=\u00bb4.16&#8243; custom_padding=\u00bb|||\u00bb global_colors_info=\u00bb{}\u00bb custom_padding__hover=\u00bb|||\u00bb][et_pb_image src=\u00bbhttps:\/\/www.institutochicomario.org.br\/wp-content\/uploads\/2023\/01\/ministerio.png\u00bb title_text=\u00bbministerio\u00bb align=\u00bbcenter\u00bb align_tablet=\u00bbcenter\u00bb align_phone=\u00bb\u00bb align_last_edited=\u00bbon|desktop\u00bb _builder_version=\u00bb4.19.4&#8243; custom_margin=\u00bb30px|||\u00bb global_colors_info=\u00bb{}\u00bb] \u00a0 [\/et_pb_image][\/et_pb_column][\/et_pb_row][et_pb_row column_structure=\u00bb1_3,1_3,1_3&#8243; _builder_version=\u00bb4.19.4&#8243; global_colors_info=\u00bb{}\u00bb][et_pb_column type=\u00bb1_3&#8243; _builder_version=\u00bb4.16&#8243; custom_padding=\u00bb|||\u00bb global_colors_info=\u00bb{}\u00bb custom_padding__hover=\u00bb|||\u00bb][et_pb_image src=\u00bbhttps:\/\/www.institutochicomario.org.br\/wp-content\/uploads\/2023\/04\/Teatro-Munganga.png\u00bb title_text=\u00bbTeatro Munganga\u00bb align=\u00bbcenter\u00bb align_tablet=\u00bbcenter\u00bb align_phone=\u00bb\u00bb align_last_edited=\u00bbon|desktop\u00bb _builder_version=\u00bb4.20.4&#8243; max_height=\u00bb166px\u00bb custom_margin=\u00bb14px||||false|false\u00bb global_colors_info=\u00bb{}\u00bb] \u00a0 [\/et_pb_image][\/et_pb_column][et_pb_column type=\u00bb1_3&#8243; _builder_version=\u00bb4.19.4&#8243; _module_preset=\u00bbdefault\u00bb custom_padding=\u00bb45px||||false|false\u00bb global_colors_info=\u00bb{}\u00bb][et_pb_image src=\u00bbhttps:\/\/www.institutochicomario.org.br\/wp-content\/uploads\/2023\/01\/Logotipo-Dialogica-Comunicacao-Estrategica-FULL.png\u00bb title_text=\u00bbLogotipo Dial\u00f3gica Comunica\u00e7\u00e3o Estrat\u00e9gica FULL\u00bb align=\u00bbcenter\u00bb _builder_version=\u00bb4.19.4&#8243; _module_preset=\u00bbdefault\u00bb module_alignment=\u00bbcenter\u00bb max_height=\u00bb129px\u00bb global_colors_info=\u00bb{}\u00bb][\/et_pb_image][\/et_pb_column][et_pb_column type=\u00bb1_3&#8243; _builder_version=\u00bb4.19.4&#8243; custom_padding=\u00bb45px||||false|false\u00bb global_colors_info=\u00bb{}\u00bb custom_padding__hover=\u00bb|||\u00bb][et_pb_image src=\u00bbhttps:\/\/www.institutochicomario.org.br\/wp-content\/uploads\/2023\/04\/Haia-branco-1-1.png\u00bb title_text=\u00bbLa Haya blanca (1)\u00bb align=\u00bbcenter\u00bb align_tablet=\u00bbcenter\u00bb align_phone=\u00bb\u00bb align_last_edited=\u00bbon|desktop\u00bb _builder_version=\u00bb4.20.4&#8243; module_alignment=\u00bbcenter\u00bb custom_margin=\u00bb-30px||||false|false\u00bb global_colors_info=\u00bb{}\u00bb] \u00a0 [\/et_pb_image][\/et_pb_column][\/et_pb_row][et_pb_row _builder_version=\u00bb4.19.1&#8243; global_colors_info=\u00bb{}\u00bb][et_pb_column type=\u00bb4_4&#8243; _builder_version=\u00bb4.19.0&#8243; custom_padding=\u00bb|||\u00bb global_colors_info=\u00bb{}\u00bb custom_padding__hover=\u00bb|||\u00bb][et_pb_text _builder_version=\u00bb4.16&#8243; global_colors_info=\u00bb{}\u00bb]<\/p>\n<h2 style=\"text-align: center;\">Co-realizaci\u00f3n<\/h2>\n<p>[\/et_pb_text][et_pb_image src=\u00bbhttps:\/\/www.institutochicomario.org.br\/wp-content\/uploads\/2018\/07\/logo-atelier-cultural.png\u00bb title_text=\u00bblogo atelier cultural\u00bb align=\u00bbcenter\u00bb align_tablet=\u00bbcenter\u00bb align_phone=\u00bb\u00bb align_last_edited=\u00bbon|desktop\u00bb _builder_version=\u00bb4.19.0&#8243; max_width=\u00bb18%\u00bb global_colors_info=\u00bb{}\u00bb][\/et_pb_image][\/et_pb_column][\/et_pb_row][\/et_pb_section][et_pb_section fb_built=\u00bb1&#8243; prev_background_color=\u00bb#ffffff\u00bb admin_label=\u00bbFeatures\u00bb _builder_version=\u00bb4.16&#8243; background_color=\u00bb#0a4685&#8243; use_background_color_gradient=\u00bbon\u00bb background_color_gradient_stops=\u00bb#0a4685 0%|#0a4685 100%\u00bb background_color_gradient_start=\u00bb#0a4685&#8243; background_color_gradient_end=\u00bb#0a4685&#8243; background_blend=\u00bboverlay\u00bb custom_padding=\u00bb150px||120px|\u00bb top_divider_style=\u00bbwave2&#8243; top_divider_height=\u00bb150px\u00bb top_divider_flip=\u00bbhorizontal\u00bb locked=\u00bboff\u00bb global_colors_info=\u00bb{}\u00bb][et_pb_row custom_padding_last_edited=\u00bboff|desktop\u00bb _builder_version=\u00bb4.16&#8243; custom_margin=\u00bb|||\u00bb custom_padding=\u00bb|||\u00bb animation_style=\u00bbfade\u00bb global_colors_info=\u00bb{}\u00bb][et_pb_column type=\u00bb4_4&#8243; _builder_version=\u00bb4.16&#8243; custom_padding=\u00bb|||\u00bb global_colors_info=\u00bb{}\u00bb custom_padding__hover=\u00bb|||\u00bb][et_pb_text _builder_version=\u00bb4.16&#8243; text_font=\u00bb||||||||\u00bb header_font=\u00bb||||||||\u00bb header_text_align=\u00bbcenter\u00bb header_line_height=\u00bb0em\u00bb header_2_font=\u00bbFredoka One||||||||\u00bb header_2_text_align=\u00bbcenter\u00bb header_2_font_size=\u00bb46px\u00bb header_2_line_height=\u00bb1.3em\u00bb background_layout=\u00bbdark\u00bb max_width=\u00bb700px\u00bb module_alignment=\u00bbcenter\u00bb custom_margin=\u00bb|||\u00bb animation_style=\u00bbslide\u00bb animation_direction=\u00bbtop\u00bb animation_intensity_slide=\u00bb5%\u00bb animation_starting_opacity=\u00bb100%\u00bb global_colors_info=\u00bb{}\u00bb]<\/p>\n<h1>Fechas y etapas<\/h1>\n<p>[\/et_pb_text][\/et_pb_column][\/et_pb_row][et_pb_row column_structure=\u00bb1_4,1_4,1_4,1_4&#8243; _builder_version=\u00bb4.16&#8243; custom_margin=\u00bb30px|||\u00bb global_colors_info=\u00bb{}\u00bb][et_pb_column type=\u00bb1_4&#8243; _builder_version=\u00bb4.16&#8243; custom_padding=\u00bb|||\u00bb global_colors_info=\u00bb{}\u00bb custom_padding__hover=\u00bb|||\u00bb][et_pb_blurb title=\u00bb1. Registro\u00bb image=\u00bbhttps:\/\/www.institutochicomario.org.br\/wp-content\/uploads\/2018\/06\/babysitter-icon-21.png\u00bb _builder_version=\u00bb4.19.4&#8243; header_font=\u00bbAmaranth||||||||\u00bb header_font_size=\u00bb22px\u00bb header_line_height=\u00bb1.3em\u00bb body_font=\u00bbNunito||||||||\u00bb body_line_height=\u00bb1.8em\u00bb text_orientation=\u00bbcenter\u00bb background_layout=\u00bbdark\u00bb animation_style=\u00bbfade\u00bb animation=\u00bboff\u00bb border_radii_image=\u00bbon|500px|500px|500px|500px\u00bb border_width_all_image=\u00bb14px\u00bb border_color_all_image=\u00bb#ffffff\u00bb box_shadow_style_image=\u00bbpreset3&#8243; box_shadow_color_image=\u00bbrgba(102,175,204,0.35)\u00bb global_colors_info=\u00bb{}\u00bb]<\/p>\n<p>Del 10 de abril al 23 de junio, puede inscribirse aqu\u00ed en el sitio web y presentar su interpretaci\u00f3n al jurado de preselecci\u00f3n del Premio.<\/p>\n<p>[\/et_pb_blurb][\/et_pb_column][et_pb_column type=\u00bb1_4&#8243; _builder_version=\u00bb4.16&#8243; custom_padding=\u00bb|||\u00bb global_colors_info=\u00bb{}\u00bb custom_padding__hover=\u00bb|||\u00bb][et_pb_blurb title=\u00bb2. Pre-selecci\u00f3n\u00bb image=\u00bbhttps:\/\/www.institutochicomario.org.br\/wp-content\/uploads\/2018\/06\/babysitter-icon-22.png\u00bb _builder_version=\u00bb4.19.4&#8243; header_font=\u00bbAmaranth||||||||\u00bb header_font_size=\u00bb22px\u00bb header_line_height=\u00bb1.3em\u00bb body_font=\u00bbNunito||||||||\u00bb body_line_height=\u00bb1.8em\u00bb text_orientation=\u00bbcenter\u00bb background_layout=\u00bbdark\u00bb animation_style=\u00bbfade\u00bb animation_delay=\u00bb100ms\u00bb animation=\u00bboff\u00bb border_radii_image=\u00bbon|500px|500px|500px|500px\u00bb border_width_all_image=\u00bb14px\u00bb border_color_all_image=\u00bb#ffffff\u00bb box_shadow_style_image=\u00bbpreset3&#8243; box_shadow_color_image=\u00bbrgba(102,175,204,0.35)\u00bb global_colors_info=\u00bb{}\u00bb]<\/p>\n<p>El jurado evaluar\u00e1 los trabajos y confirmar\u00e1 los publicados aqu\u00ed en el sitio web y por correo electr\u00f3nico hasta el 01\/07\/2023.<\/p>\n<p>[\/et_pb_blurb][\/et_pb_column][et_pb_column type=\u00bb1_4&#8243; _builder_version=\u00bb4.16&#8243; custom_padding=\u00bb|||\u00bb global_colors_info=\u00bb{}\u00bb custom_padding__hover=\u00bb|||\u00bb][et_pb_blurb title=\u00bb3. Ceremonia oficial\u00bb image=\u00bbhttps:\/\/www.institutochicomario.org.br\/wp-content\/uploads\/2018\/06\/babysitter-icon-23.png\u00bb _builder_version=\u00bb4.19.4&#8243; header_font=\u00bbAmaranth||||||||\u00bb header_font_size=\u00bb22px\u00bb header_line_height=\u00bb1.3em\u00bb body_font=\u00bbNunito||||||||\u00bb body_line_height=\u00bb1.8em\u00bb text_orientation=\u00bbcenter\u00bb background_layout=\u00bbdark\u00bb animation_style=\u00bbfade\u00bb animation_delay=\u00bb200ms\u00bb animation=\u00bboff\u00bb border_radii_image=\u00bbon|500px|500px|500px|500px\u00bb border_width_all_image=\u00bb14px\u00bb border_color_all_image=\u00bb#ffffff\u00bb box_shadow_style_image=\u00bbpreset3&#8243; box_shadow_color_image=\u00bbrgba(102,175,204,0.35)\u00bb global_colors_info=\u00bb{}\u00bb]<\/p>\n<p>Las personas clasificadas para la fase final har\u00e1n una presentaci\u00f3n en el Acto Oficial, el d\u00eda 22\/08\/2023, en el Teatro Munganga.<\/p>\n<p>[\/et_pb_blurb][\/et_pb_column][et_pb_column type=\u00bb1_4&#8243; _builder_version=\u00bb4.16&#8243; custom_padding=\u00bb|||\u00bb global_colors_info=\u00bb{}\u00bb custom_padding__hover=\u00bb|||\u00bb][et_pb_blurb title=\u00bb4. Premio\u00bb image=\u00bbhttps:\/\/www.institutochicomario.org.br\/wp-content\/uploads\/2018\/06\/babysitter-icon-24.png\u00bb _builder_version=\u00bb4.19.4&#8243; header_font=\u00bbAmaranth||||||||\u00bb header_font_size=\u00bb22px\u00bb header_line_height=\u00bb1.3em\u00bb body_font=\u00bbNunito||||||||\u00bb body_line_height=\u00bb1.8em\u00bb text_orientation=\u00bbcenter\u00bb background_layout=\u00bbdark\u00bb animation_style=\u00bbfade\u00bb animation_delay=\u00bb300ms\u00bb animation=\u00bboff\u00bb border_radii_image=\u00bbon|500px|500px|500px|500px\u00bb border_width_all_image=\u00bb14px\u00bb border_color_all_image=\u00bb#ffffff\u00bb box_shadow_style_image=\u00bbpreset3&#8243; box_shadow_color_image=\u00bbrgba(102,175,204,0.35)\u00bb global_colors_info=\u00bb{}\u00bb]<\/p>\n<p>Se entregar\u00e1n premios en di\u00f1ero a las 10 personas seleccionadas y trofeos para el primer y segundo puesto del concurso.<\/p>\n<p>[\/et_pb_blurb][\/et_pb_column][\/et_pb_row][\/et_pb_section][et_pb_section fb_built=\u00bb1&#8243; admin_label=\u00bbFeature\u00bb _builder_version=\u00bb4.16&#8243; custom_padding=\u00bb50px|0px|120px|0px|false|false\u00bb global_colors_info=\u00bb{}\u00bb][et_pb_row column_structure=\u00bb1_2,1_2&#8243; module_class=\u00bbpanel-body\u00bb _builder_version=\u00bb4.16&#8243; custom_margin=\u00bb|||\u00bb animation_style=\u00bbfade\u00bb global_colors_info=\u00bb{}\u00bb][et_pb_column type=\u00bb1_2&#8243; _builder_version=\u00bb4.16&#8243; custom_padding=\u00bb|||\u00bb global_colors_info=\u00bb{}\u00bb custom_padding__hover=\u00bb|||\u00bb][et_pb_image src=\u00bbhttps:\/\/www.institutochicomario.org.br\/wp-content\/uploads\/2018\/06\/cropped-ICCM-Favicon.png\u00bb title_text=\u00bbcropped-ICCM-Favicon.png\u00bb force_fullwidth=\u00bbon\u00bb align_tablet=\u00bbcenter\u00bb align_phone=\u00bb\u00bb align_last_edited=\u00bbon|desktop\u00bb admin_label=\u00bbIllustration\u00bb _builder_version=\u00bb4.19.1&#8243; animation_style=\u00bbfade\u00bb global_colors_info=\u00bb{}\u00bb] \u00a0 [\/et_pb_image][\/et_pb_column][et_pb_column type=\u00bb1_2&#8243; _builder_version=\u00bb4.16&#8243; custom_padding=\u00bb7%|||\u00bb global_colors_info=\u00bb{}\u00bb custom_padding__hover=\u00bb|||\u00bb][et_pb_text _builder_version=\u00bb4.16&#8243; header_font=\u00bbAmaranth||||||||\u00bb header_text_color=\u00bb#0a4685&#8243; header_2_font=\u00bbAmaranth||||||||\u00bb header_2_text_color=\u00bb#0a4685&#8243; header_2_font_size=\u00bb46px\u00bb header_2_line_height=\u00bb1.3em\u00bb animation_style=\u00bbslide\u00bb animation_direction=\u00bbtop\u00bb animation_intensity_slide=\u00bb5%\u00bb animation_starting_opacity=\u00bb100%\u00bb locked=\u00bboff\u00bb global_colors_info=\u00bb{}\u00bb]<\/p>\n<h2>\u00a1BUENA SUERTE!<\/h2>\n<p>[\/et_pb_text][et_pb_button button_url=\u00bbhttps:\/\/docs.google.com\/forms\/d\/e\/1FAIpQLSeeDEaHq1-ZZe9frQ-A9Ui-bN13Gs6-aSv5xRk-zdwRHz6JaA\/viewform?usp=sf_link\u00bb url_new_window=\u00bbon\u00bb button_text=\u00bbHAGA CLIC AQU\u00cd PARA ACCEDER AL FORMULARIO DE INSCRIPCI\u00d3N\u00bb button_alignment=\u00bbleft\u00bb _builder_version=\u00bb4.20.4&#8243; _module_preset=\u00bbdefault\u00bb custom_button=\u00bbon\u00bb button_text_color=\u00bb#FFFFFF\u00bb button_bg_color=\u00bb#0A4685&#8243; global_colors_info=\u00bb{}\u00bb][\/et_pb_button][\/et_pb_column][\/et_pb_row][\/et_pb_section]<\/p>\n","protected":false},"excerpt":{"rendered":"<p>El premio \u00abFrancisco M\u00e1rio\u00bb, uno de los principales Premios de Guitarra Ac\u00fastica Popular en la actualidad, tiene como objetivo valorizar el trabajo de m\u00fasicos e instrumentistas que se dedican a uno de los instrumentos musicales m\u00e1s tocados del mundo: la guitarra ac\u00fastica. As\u00ed como tambi\u00e9n celebrar la obra del compositor brasile\u00f1o Francisco \u00abChico\u00bb M\u00e1rio, gran [&hellip;]<\/p>\n","protected":false},"author":2,"featured_media":0,"parent":0,"menu_order":0,"comment_status":"closed","ping_status":"closed","template":"","meta":{"_et_pb_use_builder":"on","_et_pb_old_content":"","_et_gb_content_width":"","footnotes":""},"class_list":["post-1800","page","type-page","status-publish","hentry"],"jetpack_sharing_enabled":true,"_links":{"self":[{"href":"https:\/\/www.institutochicomario.org.br\/es\/wp-json\/wp\/v2\/pages\/1800","targetHints":{"allow":["GET"]}}],"collection":[{"href":"https:\/\/www.institutochicomario.org.br\/es\/wp-json\/wp\/v2\/pages"}],"about":[{"href":"https:\/\/www.institutochicomario.org.br\/es\/wp-json\/wp\/v2\/types\/page"}],"author":[{"embeddable":true,"href":"https:\/\/www.institutochicomario.org.br\/es\/wp-json\/wp\/v2\/users\/2"}],"replies":[{"embeddable":true,"href":"https:\/\/www.institutochicomario.org.br\/es\/wp-json\/wp\/v2\/comments?post=1800"}],"version-history":[{"count":9,"href":"https:\/\/www.institutochicomario.org.br\/es\/wp-json\/wp\/v2\/pages\/1800\/revisions"}],"predecessor-version":[{"id":1881,"href":"https:\/\/www.institutochicomario.org.br\/es\/wp-json\/wp\/v2\/pages\/1800\/revisions\/1881"}],"wp:attachment":[{"href":"https:\/\/www.institutochicomario.org.br\/es\/wp-json\/wp\/v2\/media?parent=1800"}],"curies":[{"name":"wp","href":"https:\/\/api.w.org\/{rel}","templated":true}]}}